{"id":728,"date":"2022-04-11T15:20:26","date_gmt":"2022-04-11T13:20:26","guid":{"rendered":"https:\/\/gehwaehlen-duesseldorf.de\/22\/?post_type=tribe_events&#038;p=728"},"modified":"2022-04-11T15:20:26","modified_gmt":"2022-04-11T13:20:26","slug":"u18-wahlfestival-in-koeln","status":"publish","type":"tribe_events","link":"https:\/\/gehwaehlen-duesseldorf.de\/22\/event\/u18-wahlfestival-in-koeln\/","title":{"rendered":"U18-Wahlfestival in K\u00f6ln"},"content":{"rendered":"<p>Der K\u00f6lner Jugendring l\u00e4dt herzlich ein, um im Mai<span class=\"7uhw9\">\u00a0den Abschluss der U18 Wahlwoche mit einem Festival zu feiern<\/span><span class=\"7uhw9\"><img decoding=\"async\" class=\"emoji\" role=\"img\" src=\"https:\/\/s.w.org\/images\/core\/emoji\/13.1.0\/svg\/1f389.svg\" alt=\"\ud83c\udf89\" \/>. Freut euch auf spannende Diskussionen, Popcorn, k\u00fchle Getr\u00e4nke, Mitmachaktionen und live mitfiebern bei der Auswertung der U18 Wahl.<\/span><\/p>\n<p><span class=\"7uhw9\">Ihr wollt nicht nur als G\u00e4ste dabei sein, sondern habt noch Ideen, Anregungen und\/oder wollt selber einen Stand gestalten? Dann meldet euch gerne unter\u00a0<a href=\"mailto:u18@koelner-jugendring.de\">u18@koelner-jugendring.de<\/a><\/span><\/p>\n<p>Weitere Infos findet ihr auf der Webseite des <a href=\"https:\/\/www.koelner-jugendring.de\/u18-wahlen\/\">K\u00f6lner Jugendrings<\/a>.<\/p>\n","protected":false},"excerpt":{"rendered":"<p>Der K\u00f6lner Jugendring l\u00e4dt herzlich ein, um im Mai\u00a0den Abschluss der U18 Wahlwoche mit einem Festival zu feiern. Freut euch auf spannende Diskussionen, Popcorn, k\u00fchle Getr\u00e4nke, Mitmachaktionen und live mitfiebern&hellip;<\/p>\n","protected":false},"author":2,"featured_media":729,"template":"","meta":{"_tribe_events_status":"","_tribe_events_status_reason":"","footnotes":""},"tags":[],"tribe_events_cat":[24],"class_list":["post-728","tribe_events","type-tribe_events","status-publish","has-post-thumbnail","hentry","tribe_events_cat-u18","cat_u18","description-off"],"yoast_head":"<!-- This site is optimized with the Yoast SEO plugin v26.6 - https:\/\/yoast.com\/wordpress\/plugins\/seo\/ -->\n<title>U18-Wahlfestival in K\u00f6ln - gehw\u00e4hlen22 - Dein Wahlportal zu den NRW-Wahlen<\/title>\n<meta name=\"robots\" content=\"index, follow, max-snippet:-1, max-image-preview:large, max-video-preview:-1\" \/>\n<link rel=\"canonical\" href=\"https:\/\/gehwaehlen-duesseldorf.de\/22\/event\/u18-wahlfestival-in-koeln\/\" \/>\n<meta property=\"og:locale\" content=\"de_DE\" \/>\n<meta property=\"og:type\" content=\"article\" \/>\n<meta property=\"og:title\" content=\"U18-Wahlfestival in K\u00f6ln - gehw\u00e4hlen22 - Dein Wahlportal zu den NRW-Wahlen\" \/>\n<meta property=\"og:description\" content=\"Der K\u00f6lner Jugendring l\u00e4dt herzlich ein, um im Mai\u00a0den Abschluss der U18 Wahlwoche mit einem Festival zu feiern. Freut euch auf spannende Diskussionen, Popcorn, k\u00fchle Getr\u00e4nke, Mitmachaktionen und live mitfiebern&hellip;\" \/>\n<meta property=\"og:url\" content=\"https:\/\/gehwaehlen-duesseldorf.de\/22\/event\/u18-wahlfestival-in-koeln\/\" \/>\n<meta property=\"og:site_name\" content=\"gehw\u00e4hlen22 - Dein Wahlportal zu den NRW-Wahlen\" \/>\n<meta property=\"og:image\" content=\"https:\/\/gehwaehlen-duesseldorf.de\/22\/wp-content\/uploads\/sites\/2\/2022\/04\/Veranstaltung-Koeln-U18-Festival.png\" \/>\n\t<meta property=\"og:image:width\" content=\"1080\" \/>\n\t<meta property=\"og:image:height\" content=\"1080\" \/>\n\t<meta property=\"og:image:type\" content=\"image\/png\" \/>\n<meta name=\"twitter:card\" content=\"summary_large_image\" \/>\n<meta name=\"twitter:label1\" content=\"Gesch\u00e4tzte Lesezeit\" \/>\n\t<meta name=\"twitter:data1\" content=\"1\u00a0Minute\" \/>\n<script type=\"application\/ld+json\" class=\"yoast-schema-graph\">{\"@context\":\"https:\/\/schema.org\",\"@graph\":[{\"@type\":\"WebPage\",\"@id\":\"https:\/\/gehwaehlen-duesseldorf.de\/22\/event\/u18-wahlfestival-in-koeln\/\",\"url\":\"https:\/\/gehwaehlen-duesseldorf.de\/22\/event\/u18-wahlfestival-in-koeln\/\",\"name\":\"U18-Wahlfestival in K\u00f6ln - gehw\u00e4hlen22 - Dein Wahlportal zu den NRW-Wahlen\",\"isPartOf\":{\"@id\":\"https:\/\/gehwaehlen-duesseldorf.de\/22\/#website\"},\"primaryImageOfPage\":{\"@id\":\"https:\/\/gehwaehlen-duesseldorf.de\/22\/event\/u18-wahlfestival-in-koeln\/#primaryimage\"},\"image\":{\"@id\":\"https:\/\/gehwaehlen-duesseldorf.de\/22\/event\/u18-wahlfestival-in-koeln\/#primaryimage\"},\"thumbnailUrl\":\"https:\/\/gehwaehlen-duesseldorf.de\/22\/wp-content\/uploads\/sites\/2\/2022\/04\/Veranstaltung-Koeln-U18-Festival.png\",\"datePublished\":\"2022-04-11T13:20:26+00:00\",\"breadcrumb\":{\"@id\":\"https:\/\/gehwaehlen-duesseldorf.de\/22\/event\/u18-wahlfestival-in-koeln\/#breadcrumb\"},\"inLanguage\":\"de\",\"potentialAction\":[{\"@type\":\"ReadAction\",\"target\":[\"https:\/\/gehwaehlen-duesseldorf.de\/22\/event\/u18-wahlfestival-in-koeln\/\"]}]},{\"@type\":\"ImageObject\",\"inLanguage\":\"de\",\"@id\":\"https:\/\/gehwaehlen-duesseldorf.de\/22\/event\/u18-wahlfestival-in-koeln\/#primaryimage\",\"url\":\"https:\/\/gehwaehlen-duesseldorf.de\/22\/wp-content\/uploads\/sites\/2\/2022\/04\/Veranstaltung-Koeln-U18-Festival.png\",\"contentUrl\":\"https:\/\/gehwaehlen-duesseldorf.de\/22\/wp-content\/uploads\/sites\/2\/2022\/04\/Veranstaltung-Koeln-U18-Festival.png\",\"width\":1080,\"height\":1080},{\"@type\":\"BreadcrumbList\",\"@id\":\"https:\/\/gehwaehlen-duesseldorf.de\/22\/event\/u18-wahlfestival-in-koeln\/#breadcrumb\",\"itemListElement\":[{\"@type\":\"ListItem\",\"position\":1,\"name\":\"Startseite\",\"item\":\"https:\/\/gehwaehlen-duesseldorf.de\/22\/\"},{\"@type\":\"ListItem\",\"position\":2,\"name\":\"Veranstaltungen\",\"item\":\"https:\/\/gehwaehlen-duesseldorf.de\/22\/events\/\"},{\"@type\":\"ListItem\",\"position\":3,\"name\":\"U18-Wahlfestival in K\u00f6ln\"}]},{\"@type\":\"WebSite\",\"@id\":\"https:\/\/gehwaehlen-duesseldorf.de\/22\/#website\",\"url\":\"https:\/\/gehwaehlen-duesseldorf.de\/22\/\",\"name\":\"gehw\u00e4hlen22 - Dein Wahlportal zu den NRW-Wahlen\",\"description\":\"Eine weitere gehw\u00e4hlen, D\u00fcsseldorf! Website\",\"potentialAction\":[{\"@type\":\"SearchAction\",\"target\":{\"@type\":\"EntryPoint\",\"urlTemplate\":\"https:\/\/gehwaehlen-duesseldorf.de\/22\/?s={search_term_string}\"},\"query-input\":{\"@type\":\"PropertyValueSpecification\",\"valueRequired\":true,\"valueName\":\"search_term_string\"}}],\"inLanguage\":\"de\"}]}<\/script>\n<!-- \/ Yoast SEO plugin. -->","yoast_head_json":{"title":"U18-Wahlfestival in K\u00f6ln - gehw\u00e4hlen22 - Dein Wahlportal zu den NRW-Wahlen","robots":{"index":"index","follow":"follow","max-snippet":"max-snippet:-1","max-image-preview":"max-image-preview:large","max-video-preview":"max-video-preview:-1"},"canonical":"https:\/\/gehwaehlen-duesseldorf.de\/22\/event\/u18-wahlfestival-in-koeln\/","og_locale":"de_DE","og_type":"article","og_title":"U18-Wahlfestival in K\u00f6ln - gehw\u00e4hlen22 - Dein Wahlportal zu den NRW-Wahlen","og_description":"Der K\u00f6lner Jugendring l\u00e4dt herzlich ein, um im Mai\u00a0den Abschluss der U18 Wahlwoche mit einem Festival zu feiern. Freut euch auf spannende Diskussionen, Popcorn, k\u00fchle Getr\u00e4nke, Mitmachaktionen und live mitfiebern&hellip;","og_url":"https:\/\/gehwaehlen-duesseldorf.de\/22\/event\/u18-wahlfestival-in-koeln\/","og_site_name":"gehw\u00e4hlen22 - Dein Wahlportal zu den NRW-Wahlen","og_image":[{"width":1080,"height":1080,"url":"https:\/\/gehwaehlen-duesseldorf.de\/22\/wp-content\/uploads\/sites\/2\/2022\/04\/Veranstaltung-Koeln-U18-Festival.png","type":"image\/png"}],"twitter_card":"summary_large_image","twitter_misc":{"Gesch\u00e4tzte Lesezeit":"1\u00a0Minute"},"schema":{"@context":"https:\/\/schema.org","@graph":[{"@type":"WebPage","@id":"https:\/\/gehwaehlen-duesseldorf.de\/22\/event\/u18-wahlfestival-in-koeln\/","url":"https:\/\/gehwaehlen-duesseldorf.de\/22\/event\/u18-wahlfestival-in-koeln\/","name":"U18-Wahlfestival in K\u00f6ln - gehw\u00e4hlen22 - Dein Wahlportal zu den NRW-Wahlen","isPartOf":{"@id":"https:\/\/gehwaehlen-duesseldorf.de\/22\/#website"},"primaryImageOfPage":{"@id":"https:\/\/gehwaehlen-duesseldorf.de\/22\/event\/u18-wahlfestival-in-koeln\/#primaryimage"},"image":{"@id":"https:\/\/gehwaehlen-duesseldorf.de\/22\/event\/u18-wahlfestival-in-koeln\/#primaryimage"},"thumbnailUrl":"https:\/\/gehwaehlen-duesseldorf.de\/22\/wp-content\/uploads\/sites\/2\/2022\/04\/Veranstaltung-Koeln-U18-Festival.png","datePublished":"2022-04-11T13:20:26+00:00","breadcrumb":{"@id":"https:\/\/gehwaehlen-duesseldorf.de\/22\/event\/u18-wahlfestival-in-koeln\/#breadcrumb"},"inLanguage":"de","potentialAction":[{"@type":"ReadAction","target":["https:\/\/gehwaehlen-duesseldorf.de\/22\/event\/u18-wahlfestival-in-koeln\/"]}]},{"@type":"ImageObject","inLanguage":"de","@id":"https:\/\/gehwaehlen-duesseldorf.de\/22\/event\/u18-wahlfestival-in-koeln\/#primaryimage","url":"https:\/\/gehwaehlen-duesseldorf.de\/22\/wp-content\/uploads\/sites\/2\/2022\/04\/Veranstaltung-Koeln-U18-Festival.png","contentUrl":"https:\/\/gehwaehlen-duesseldorf.de\/22\/wp-content\/uploads\/sites\/2\/2022\/04\/Veranstaltung-Koeln-U18-Festival.png","width":1080,"height":1080},{"@type":"BreadcrumbList","@id":"https:\/\/gehwaehlen-duesseldorf.de\/22\/event\/u18-wahlfestival-in-koeln\/#breadcrumb","itemListElement":[{"@type":"ListItem","position":1,"name":"Startseite","item":"https:\/\/gehwaehlen-duesseldorf.de\/22\/"},{"@type":"ListItem","position":2,"name":"Veranstaltungen","item":"https:\/\/gehwaehlen-duesseldorf.de\/22\/events\/"},{"@type":"ListItem","position":3,"name":"U18-Wahlfestival in K\u00f6ln"}]},{"@type":"WebSite","@id":"https:\/\/gehwaehlen-duesseldorf.de\/22\/#website","url":"https:\/\/gehwaehlen-duesseldorf.de\/22\/","name":"gehw\u00e4hlen22 - Dein Wahlportal zu den NRW-Wahlen","description":"Eine weitere gehw\u00e4hlen, D\u00fcsseldorf! Website","potentialAction":[{"@type":"SearchAction","target":{"@type":"EntryPoint","urlTemplate":"https:\/\/gehwaehlen-duesseldorf.de\/22\/?s={search_term_string}"},"query-input":{"@type":"PropertyValueSpecification","valueRequired":true,"valueName":"search_term_string"}}],"inLanguage":"de"}]}},"_links":{"self":[{"href":"https:\/\/gehwaehlen-duesseldorf.de\/22\/wp-json\/wp\/v2\/tribe_events\/728","targetHints":{"allow":["GET"]}}],"collection":[{"href":"https:\/\/gehwaehlen-duesseldorf.de\/22\/wp-json\/wp\/v2\/tribe_events"}],"about":[{"href":"https:\/\/gehwaehlen-duesseldorf.de\/22\/wp-json\/wp\/v2\/types\/tribe_events"}],"author":[{"embeddable":true,"href":"https:\/\/gehwaehlen-duesseldorf.de\/22\/wp-json\/wp\/v2\/users\/2"}],"version-history":[{"count":1,"href":"https:\/\/gehwaehlen-duesseldorf.de\/22\/wp-json\/wp\/v2\/tribe_events\/728\/revisions"}],"predecessor-version":[{"id":730,"href":"https:\/\/gehwaehlen-duesseldorf.de\/22\/wp-json\/wp\/v2\/tribe_events\/728\/revisions\/730"}],"wp:featuredmedia":[{"embeddable":true,"href":"https:\/\/gehwaehlen-duesseldorf.de\/22\/wp-json\/wp\/v2\/media\/729"}],"wp:attachment":[{"href":"https:\/\/gehwaehlen-duesseldorf.de\/22\/wp-json\/wp\/v2\/media?parent=728"}],"wp:term":[{"taxonomy":"post_tag","embeddable":true,"href":"https:\/\/gehwaehlen-duesseldorf.de\/22\/wp-json\/wp\/v2\/tags?post=728"},{"taxonomy":"tribe_events_cat","embeddable":true,"href":"https:\/\/gehwaehlen-duesseldorf.de\/22\/wp-json\/wp\/v2\/tribe_events_cat?post=728"}],"curies":[{"name":"wp","href":"https:\/\/api.w.org\/{rel}","templated":true}]}}