{"id":121,"date":"2022-02-15T10:45:39","date_gmt":"2022-02-15T09:45:39","guid":{"rendered":"https:\/\/gehwaehlen-duesseldorf.de\/22\/?page_id=121"},"modified":"2022-05-02T19:03:18","modified_gmt":"2022-05-02T17:03:18","slug":"u18","status":"publish","type":"page","link":"https:\/\/gehwaehlen-duesseldorf.de\/22\/u18\/","title":{"rendered":"U18"},"content":{"rendered":"<div class=\"wpb-content-wrapper\"><p>[vc_row][vc_column][vc_column_text]<\/p>\n<h1 style=\"text-align: center\">Hey! Du bist unter 18?<\/h1>\n<p style=\"text-align: center\">Vom 02. bis 06. Mai geht\u2019s f\u00fcr dich an die Wahlurnen. <strong>Hier bist du genau richtig um dich zur U18-Wahl in D\u00fcsseldorf zu informieren oder bei den U18-Wahlen aktiv mitzumachen, in dem du zum Beispiel ein Wahllokal er\u00f6ffnest!<\/strong><\/p>\n<p>[\/vc_column_text][vc_row_inner gap=&#8220;20&#8243;][vc_column_inner width=&#8220;1\/4&#8243;][vc_single_image image=&#8220;123&#8243; img_size=&#8220;full&#8220;][\/vc_column_inner][vc_column_inner width=&#8220;3\/4&#8243; css=&#8220;.vc_custom_1644919923113{padding-top: 15px !important;padding-right: 15px !important;padding-bottom: 15px !important;padding-left: 15px !important;background-color: #ffffff !important;}&#8220;]<div class=\"standard-arrow list-divider bullet-top\"><ul>\n<li><strong>Die U18-Wahl gibt es immer 9 Tage vor der Wahl f\u00fcr die Erwachsenen.<\/strong>\u00a0Dabei k\u00f6nnen junge Menschen ihre Stimme f\u00fcr die Bundestagswahl abgeben.<\/li>\n<li>Die Wahllokale gibt es in der\u00a0<strong>Aktionswoche<\/strong>\u00a0<strong>vom 02. bis 06. Mai<\/strong> an ganz unterschiedlichen Orten in D\u00fcsseldorf: in Kinder- und Jugendfreizeiteinrichtungen, Schulen oder in Form von mobilen Wahllokalen auf \u00f6ffentlichen Stra\u00dfen und Pl\u00e4tzen. Welche Wahllokale es alle in D\u00fcsseldorf gibt, k\u00f6nnt ihr auf der<a href=\"https:\/\/wahlen.u18.org\/landtagswahl-nrw-2022\/deutschland\/nordrhein-westfalen\/wahllokale\"> interaktiven Karte<\/a> herausfinden.<\/li>\n<li><strong>Mitmachen k\u00f6nnen ausnahmslos ALLE Minderj\u00e4hrigen, die sich in Nordrhein-Westfalen aufhalten.<\/strong>\u00a0U18-Wahllokale sollten offen und frei zug\u00e4nglich sein; im Prinzip k\u00f6nnen sie \u00fcberall eingerichtet werden, wo sich Kinder und Jugendliche aufhalten.<\/li>\n<li><strong>U18 ist politische Bildung<\/strong>: Mit der Anmeldung eines Wahllokals beginnt ihr die Vorbereitungen auf eure eigene Wahl. Die selbstbestimmte Meinungsbildung, die Auseinandersetzung mit dem politischen System und Beantwortung eurer Fragen sind Herzst\u00fcck der Initiative U18. Eigene Themen und Priorit\u00e4ten werden erkannt und untereinander diskutiert. Parteiprogramme werden hinterfragt und verglichen, so dass eine Wahlentscheidung getroffen werden kann.<\/li>\n<\/ul>\n<\/div><style type=\"text\/css\" data-type=\"the7_shortcodes-inline-css\">#default-btn-7b910675e89d8af399aa1caa5d31e5f6.ico-right-side > i {\n  margin-right: 0px;\n  margin-left: 8px;\n}\n#default-btn-7b910675e89d8af399aa1caa5d31e5f6 > i {\n  margin-right: 8px;\n}<\/style><div class=\"btn-align-center\"><a href=\"https:\/\/wahlen.u18.org\/auth\/anmelden\" class=\"default-btn-shortcode dt-btn dt-btn-m link-hover-off \" target=\"_blank\" id=\"default-btn-7b910675e89d8af399aa1caa5d31e5f6\" rel=\"noopener\"><i class=\"icomoon-the7-font-the7-map-02\"><\/i><span>Jetzt Wahllokal anmelden<\/span><\/a><\/div>[\/vc_column_inner][\/vc_row_inner][vc_empty_space][vc_empty_space][\/vc_column][\/vc_row][vc_row css=&#8220;.vc_custom_1644996560675{margin-bottom: 80px !important;}&#8220;][vc_column][vc_column_text]<\/p>\n<h1 style=\"text-align: center\">Wahllokal anmelden<\/h1>\n<p>[\/vc_column_text][vc_row_inner gap=&#8220;20&#8243;][vc_column_inner width=&#8220;1\/4&#8243;][vc_single_image image=&#8220;132&#8243; img_size=&#8220;full&#8220;][\/vc_column_inner][vc_column_inner width=&#8220;3\/4&#8243; css=&#8220;.vc_custom_1644919923113{padding-top: 15px !important;padding-right: 15px !important;padding-bottom: 15px !important;padding-left: 15px !important;background-color: #ffffff !important;}&#8220;]<div class=\"standard-arrow list-divider bullet-top\"><ul>\n<li><strong>Findet Mitstreiter*innen:\u00a0<\/strong>Ihr seid eine Jugendgruppe, Schule, Schulklasse oder ein Sportverein? Dann k\u00f6nnt ihr bei der U18-Wahl euer eigenes Wahllokal betreiben! Als erstes solltet ihr daf\u00fcr Mitstreiter*innen suchen und eine feste Gruppe bilden.<\/li>\n<li><strong>Sucht R\u00e4umlichkeiten:\u00a0<\/strong>Ihr solltet vorher mit den zust\u00e4ndigen Personen kl\u00e4ren, ob ihr die Schule, euer Vereinsheim oder euer Jugendverbandshaus als Wahllokal nutzen k\u00f6nnt.<\/li>\n<li><strong>Meldet euer Wahllokal an:\u00a0<\/strong>Registriert euch und euer Wahllokal<strong>\u00a0<a href=\"https:\/\/wahlen.u18.org\/auth\/anmelden\" target=\"_blank\" rel=\"noopener\">direkt auf der u18.org<\/a>\u00a0<\/strong>Seite. Ihr k\u00f6nnt auch zur Not auch bei uns melden, und wir \u00fcbernehmen die Anmeldung f\u00fcr euch.\u00a0<a class=\"anchorlink\" href=\"mailto:verena.hohn@jugendring-duesseldorf.de\">Schreibt uns dazu eine Email.<\/a>\u00a0Wir melden uns dann bei euch.<\/li>\n<li><strong>Das braucht ihr:\u00a0<\/strong>Eigentlich nicht viel. Neben einer Gruppe und R\u00e4umlichkeiten braucht ihr noch mindestens eine Wahlkabine und eine Wahlurne. Das kann auch eine sch\u00f6nes gemeinsames Bastelprojekt sein! Und beim Landesjugendring NRW\u00a0<a href=\"https:\/\/www.ljr-nrw.de\/wahlurnenwettbewerb\/\" target=\"_blank\" rel=\"noopener\">gibt es einen Wahlurnen-Wettbewerb.<\/a>\u00a0Wenn Ihr Anleitungen daf\u00fcr braucht, helfen wir euch gerne aus!<\/li>\n<li><strong>Das bekommt Ihr: <\/strong>Ihr erhaltet Unterst\u00fctzung durch uns (Jugendring D\u00fcsseldorf) und den Landesjugendring. Um Wahlzettel, Plakate und etwas Dekoration braucht ihr euch nicht zu k\u00fcmmern. Das bekommt ihr von uns zu geschickt oder vom Landesjugendring.Au\u00dferdem k\u00f6nnt ihr bei Informationsveranstaltungen eure Fragen loswerden: <a href=\"https:\/\/gehwaehlen-duesseldorf.de\/22\/events\/\">Bei unserer Multiplikator*innen-Schulung \u201eHow to politische Bildung\u201c am 31.03.<\/a> lernt ihr, wie ihr die U18 Wahlen am besten inhaltlich begleiten k\u00f6nnt. Bei dem <a href=\"https:\/\/www.ljr-nrw.de\/kommunale-jugendpolitik\/u18-infotermine\/\">\u201eInformationstermin zur Ergebniserfassung\u201c am Montag 02.05. 19-22:00 Uhr des Landesjugendring<\/a> erhaltet ihr alle wichtigen Tipps und Tricks rund um die Eintragung der Ergebnisse.\u201c<\/li>\n<\/ul>\n<\/div><style type=\"text\/css\" data-type=\"the7_shortcodes-inline-css\">#default-btn-8ca8886ce3fae0db62fa797aa1122808.ico-right-side > i {\n  margin-right: 0px;\n  margin-left: 8px;\n}\n#default-btn-8ca8886ce3fae0db62fa797aa1122808 > i {\n  margin-right: 8px;\n}<\/style><div class=\"btn-align-center\"><a href=\"#ak-mehrinfos\" class=\"default-btn-shortcode dt-btn dt-btn-m link-hover-off \" id=\"default-btn-8ca8886ce3fae0db62fa797aa1122808\"><i class=\"icomoon-the7-font-the7-plus-08\"><\/i><span>Mehr Infos ausklappen<\/span><\/a><\/div>[\/vc_column_inner][\/vc_row_inner][vc_row_inner gap=&#8220;20&#8243; el_class=&#8220;ek-mehrinfos&#8220;][vc_column_inner width=&#8220;1\/4&#8243;][\/vc_column_inner][vc_column_inner width=&#8220;3\/4&#8243; css=&#8220;.vc_custom_1644919923113{padding-top: 15px !important;padding-right: 15px !important;padding-bottom: 15px !important;padding-left: 15px !important;background-color: #ffffff !important;}&#8220;]<div class=\"standard-arrow list-divider bullet-top\"><h2><strong>Mehr Infos:<\/strong><\/h2>\n<ul>\n<li><strong>Wahlwoche:\u00a0<\/strong>Das Wahllokal kann auch an mehreren Tagen ge\u00f6ffnet sein.<\/li>\n<li><strong>Interne Wahllokale:\u00a0<\/strong>Auch interne nicht \u00f6ffentliche Wahllokale (Schule, Gruppenstunde o.\u00e4.) bitte anmelden.<\/li>\n<li><strong>Stimmzettel &amp; Unterlagen:\u00a0<\/strong>Die Wahllokalunterlagen werden per Mail vom Jugendring verschickt, sobald sie zur Verf\u00fcgung stehen und m\u00fcssen nur noch in ben\u00f6tigter Menge ausgedruckt werden. Plakate u.a. schicken wir im Vorfeld an euch raus.<\/li>\n<li><strong>Wahlurnenwettbewerb:\u00a0<\/strong>Im Vorfeld kann mit den Kindern und Jugendlichen das Thema Wahl auch inhaltlich besprochen werden. Hierzu\u00a0<a href=\"https:\/\/www.ljr-nrw.de\/wahlurnenwettbewerb\/\" target=\"_blank\" rel=\"noopener\">l\u00e4dt z.B. der Landesjugendring zu einem Wahlurnenwettbewerb ein<\/a>, die kreativsten Urnen k\u00f6nnen etwas gewinnen. Durch den Bau der Urne befassen sich die Jugendlichen kreativ mit dem Thema. Alternativ tut es aber auch ein Pappkarton o.\u00e4., bzw. im Wahlamt k\u00f6nnen ggfs. auch die original Wahlurnen und \u2013kabinen ausgeliehen werden.<\/li>\n<li><strong>Hilfestellungen gern gesehen:\u00a0<\/strong>Es empfiehlt sich, zumindest den Wahlzettel kurz zu erkl\u00e4ren, denn Erst- und Zweitstimme sowie das richtige Ausf\u00fcllen ist nicht jedem bekannt.<\/li>\n<li><strong>Bitte ausweisen!\u00a0<\/strong>Alle W\u00e4hlenden m\u00fcssen unter 18 Jahre sein und sollten sich diesbez\u00fcglich ausweisen k\u00f6nnen, also einen Sch\u00fcler*innenausweis, Personalausweis o.\u00e4. dabei haben. Bei der U18-Wahl ist es\u00a0<u>nicht<\/u>\u00a0wichtig, ob die Eltern z.B. aufgrund ihrer Herkunft nicht wahlberechtigt sind. JEDE*R ist wahlberechtigt, der zwischen 0 und 17 Jahre alt ist und in Deutschland lebt.<\/li>\n<li><strong>Einsendeschluss:\u00a0<\/strong>Am Freitag, 06. Mai 2022, um 18.00 Uhr m\u00fcssen alle Wahllokale die Stimmen ausz\u00e4hlen und ins Online-System eintragen. Wer seine Wahlergebnisse fr\u00fcher ausz\u00e4hlt und eintr\u00e4gt, hilft uns sehr.<\/li>\n<li><strong>Etwas Zur\u00fcckhaltung bitte\u00a0<\/strong><strong>\u00a0<\/strong>Gleichzeitig m\u00f6chten wir Euch in Eurer Medienkommunikation der Ergebnisse darum bitten, alle Pressemitteilungen oder social media Postings erst am Freitag, 06. Mai 2022, ab 18.00 Uhr zu ver\u00f6ffentlichen bzw. den Pressemitteilungen einen Sperrvermerk bis zu dieser Uhrzeit zu geben. Der mediale Effekt von U18 besteht darin, dass die Information gleichzeitig und idealerweise geb\u00fcndelt erfolgt.<\/li>\n<li><strong>Ver\u00f6ffentlichung der Ergebnisse:\u00a0<\/strong>Die Ergebnisse werden abschlie\u00dfend unter u18.org ver\u00f6ffentlicht, f\u00fcr D\u00fcsseldorf sind sie auf gehwaehlen21.de, jugendring-duesseldorf.de und auf den Social-Media Profilen des Jugendring D\u00fcsseldorf zu finden.<\/li>\n<\/ul>\n<\/div>[\/vc_column_inner][\/vc_row_inner][\/vc_column][\/vc_row][vc_row][vc_column][vc_column_text]<\/p>\n<h1 style=\"text-align: center\">Mehr zu U18<\/h1>\n<p>[\/vc_column_text]<style type=\"text\/css\" data-type=\"the7_shortcodes-inline-css\">.blog-shortcode.blog-masonry-shortcode-id-452cddda1972cec9da7ed176d35cefc6.content-bg-on.classic-layout-list article {\n  background: #ffffff;\n  box-shadow: none;\n}\n.blog-shortcode.blog-masonry-shortcode-id-452cddda1972cec9da7ed176d35cefc6.dividers-on.classic-layout-list article {\n  padding-top: 0;\n}\n.blog-shortcode.blog-masonry-shortcode-id-452cddda1972cec9da7ed176d35cefc6.dividers-on.classic-layout-list article:first-of-type {\n  margin-top: 0;\n  padding-top: 0;\n}\n.blog-shortcode.blog-masonry-shortcode-id-452cddda1972cec9da7ed176d35cefc6.classic-layout-list.mode-list .post-entry-content {\n  width: calc(100% - );\n}\n.blog-shortcode.blog-masonry-shortcode-id-452cddda1972cec9da7ed176d35cefc6.classic-layout-list.mode-list .no-img .post-entry-content {\n  width: 100%;\n}\n.blog-shortcode.blog-masonry-shortcode-id-452cddda1972cec9da7ed176d35cefc6 .filter-bg-decoration .filter-categories a.act {\n  color: #fff;\n}\n.blog-shortcode.blog-masonry-shortcode-id-452cddda1972cec9da7ed176d35cefc6:not(.mode-masonry) article:first-of-type,\n.blog-shortcode.blog-masonry-shortcode-id-452cddda1972cec9da7ed176d35cefc6:not(.mode-masonry) article.visible.first:not(.product) {\n  margin-top: 0;\n}\n.blog-shortcode.blog-masonry-shortcode-id-452cddda1972cec9da7ed176d35cefc6.dividers-on:not(.mode-masonry) article {\n  margin-top: 0;\n}\n.blog-shortcode.blog-masonry-shortcode-id-452cddda1972cec9da7ed176d35cefc6.dividers-on:not(.mode-masonry) article:first-of-type,\n.blog-shortcode.blog-masonry-shortcode-id-452cddda1972cec9da7ed176d35cefc6.dividers-on:not(.mode-masonry) article.visible.first:not(.product) {\n  margin-top: 0;\n  padding-top: 0;\n}\n.blog-shortcode.blog-masonry-shortcode-id-452cddda1972cec9da7ed176d35cefc6 .post-thumbnail-wrap {\n  padding: 0px 0px 0px 0px;\n}\n.blog-shortcode.blog-masonry-shortcode-id-452cddda1972cec9da7ed176d35cefc6.enable-bg-rollover .post-thumbnail-rollover:after {\n  background: -webkit-linear-gradient();\n  background: linear-gradient();\n}\n.blog-shortcode.blog-masonry-shortcode-id-452cddda1972cec9da7ed176d35cefc6 .gallery-zoom-ico {\n  width: 44px;\n  height: 44px;\n  line-height: 44px;\n  border-radius: 100px;\n  margin: -22px 0 0 -22px;\n  border-width: 0px;\n  color: #ffffff;\n}\n.bottom-overlap-layout-list.blog-shortcode.blog-masonry-shortcode-id-452cddda1972cec9da7ed176d35cefc6 .gallery-zoom-ico {\n  margin-top: -72px;\n}\n.gradient-overlay-layout-list.blog-shortcode.blog-masonry-shortcode-id-452cddda1972cec9da7ed176d35cefc6 .gallery-zoom-ico,\n.content-rollover-layout-list.blog-shortcode.blog-masonry-shortcode-id-452cddda1972cec9da7ed176d35cefc6 .gallery-zoom-ico {\n  margin: 0 0 10px;\n}\n.content-align-center.gradient-overlay-layout-list.blog-shortcode.blog-masonry-shortcode-id-452cddda1972cec9da7ed176d35cefc6 .gallery-zoom-ico,\n.content-align-center.content-rollover-layout-list.blog-shortcode.blog-masonry-shortcode-id-452cddda1972cec9da7ed176d35cefc6 .gallery-zoom-ico {\n  margin: 0 auto 10px;\n}\n.dt-icon-bg-on.blog-shortcode.blog-masonry-shortcode-id-452cddda1972cec9da7ed176d35cefc6 .gallery-zoom-ico {\n  background: rgba(255,255,255,0.3);\n  box-shadow: none;\n}\n.blog-shortcode.blog-masonry-shortcode-id-452cddda1972cec9da7ed176d35cefc6 .gallery-zoom-ico > span,\n.blog-shortcode.blog-masonry-shortcode-id-452cddda1972cec9da7ed176d35cefc6 .gallery-zoom-ico:before {\n  font-size: 32px;\n  line-height: 44px;\n}\n.blog-shortcode.blog-masonry-shortcode-id-452cddda1972cec9da7ed176d35cefc6 .gallery-zoom-ico > span,\n.blog-shortcode.blog-masonry-shortcode-id-452cddda1972cec9da7ed176d35cefc6 .gallery-zoom-ico:before {\n  color: #ffffff;\n}\n.blog-shortcode.blog-masonry-shortcode-id-452cddda1972cec9da7ed176d35cefc6 .entry-title,\n.blog-shortcode.blog-masonry-shortcode-id-452cddda1972cec9da7ed176d35cefc6.owl-carousel .entry-title {\n  margin-bottom: 5px;\n  font-weight: bold;\n}\n.blog-shortcode.blog-masonry-shortcode-id-452cddda1972cec9da7ed176d35cefc6 .entry-meta {\n  margin-bottom: 15px;\n}\n.blog-shortcode.blog-masonry-shortcode-id-452cddda1972cec9da7ed176d35cefc6 .portfolio-categories {\n  margin-bottom: 15px;\n}\n.blog-shortcode.blog-masonry-shortcode-id-452cddda1972cec9da7ed176d35cefc6 .entry-excerpt {\n  margin-bottom: 5px;\n}\n.blog-shortcode.blog-masonry-shortcode-id-452cddda1972cec9da7ed176d35cefc6:not(.centered-layout-list) .post-entry-content {\n  padding: 25px 30px 30px 30px;\n}\n.blog-shortcode.blog-masonry-shortcode-id-452cddda1972cec9da7ed176d35cefc6:not(.centered-layout-list):not(.content-bg-on):not(.mode-list) .no-img .post-entry-content {\n  padding: 0;\n}\n.blog-shortcode.blog-masonry-shortcode-id-452cddda1972cec9da7ed176d35cefc6.content-bg-on:not(.classic-layout-list):not(.centered-layout-list) .post-entry-content {\n  background: #ffffff;\n  box-shadow: none;\n}\n@media screen and (max-width: ) {\n  .blog-shortcode.blog-masonry-shortcode-id-452cddda1972cec9da7ed176d35cefc6 article {\n    -ms-flex-flow: column nowrap;\n    flex-flow: column nowrap;\n    margin-top: 20px;\n  }\n  .blog-shortcode.blog-masonry-shortcode-id-452cddda1972cec9da7ed176d35cefc6.dividers-on article {\n    border: none;\n  }\n  .blog-shortcode.blog-masonry-shortcode-id-452cddda1972cec9da7ed176d35cefc6.content-bg-on.centered-layout-list article {\n    padding: 0;\n  }\n  .blog-shortcode.blog-masonry-shortcode-id-452cddda1972cec9da7ed176d35cefc6.blog-shortcode.dividers-on article,\n  .blog-shortcode.blog-masonry-shortcode-id-452cddda1972cec9da7ed176d35cefc6.dividers-on.classic-layout-list article {\n    margin-top: 20px;\n    padding: 0;\n  }\n  .blog-shortcode.blog-masonry-shortcode-id-452cddda1972cec9da7ed176d35cefc6.blog-shortcode.dividers-on article:first-of-type,\n  .blog-shortcode.blog-masonry-shortcode-id-452cddda1972cec9da7ed176d35cefc6.dividers-on.classic-layout-list article:first-of-type {\n    padding: 0;\n  }\n  #page .blog-shortcode.blog-masonry-shortcode-id-452cddda1972cec9da7ed176d35cefc6 .post-thumbnail-wrap,\n  #page .blog-shortcode.blog-masonry-shortcode-id-452cddda1972cec9da7ed176d35cefc6 .post-entry-content {\n    width: 100%;\n    margin: 0;\n    top: 0;\n  }\n  #page .blog-shortcode.blog-masonry-shortcode-id-452cddda1972cec9da7ed176d35cefc6 .post-thumbnail-wrap {\n    padding: 0;\n  }\n  #page .blog-shortcode.blog-masonry-shortcode-id-452cddda1972cec9da7ed176d35cefc6 .post-entry-content:after {\n    display: none;\n  }\n  #page .blog-shortcode.blog-masonry-shortcode-id-452cddda1972cec9da7ed176d35cefc6 .project-even .post-thumbnail-wrap,\n  #page .blog-shortcode.blog-masonry-shortcode-id-452cddda1972cec9da7ed176d35cefc6.centered-layout-list .post-thumbnail-wrap {\n    -ms-flex-order: 0;\n    order: 0;\n  }\n  #page .blog-shortcode.blog-masonry-shortcode-id-452cddda1972cec9da7ed176d35cefc6.centered-layout-list .post-entry-title-content {\n    -ms-flex-order: 1;\n    order: 1;\n    width: 100%;\n    padding: 20px 20px 0;\n  }\n  #page .blog-shortcode.blog-masonry-shortcode-id-452cddda1972cec9da7ed176d35cefc6.centered-layout-list .post-entry-content {\n    -ms-flex-order: 2;\n    order: 2;\n    padding-top: 0;\n  }\n  #page .blog-shortcode.blog-masonry-shortcode-id-452cddda1972cec9da7ed176d35cefc6 .fancy-categories {\n    top: 10px;\n    left: 10px;\n    bottom: auto;\n    right: auto;\n  }\n  #page .blog-shortcode.blog-masonry-shortcode-id-452cddda1972cec9da7ed176d35cefc6 .fancy-date a {\n    top: 10px;\n    right: 10px;\n    left: auto;\n    bottom: auto;\n  }\n  #page .blog-shortcode.blog-masonry-shortcode-id-452cddda1972cec9da7ed176d35cefc6 .post-entry-content {\n    padding: 20px;\n  }\n  #page .blog-shortcode.blog-masonry-shortcode-id-452cddda1972cec9da7ed176d35cefc6 .entry-title {\n    margin: 3px 0 5px;\n    font-size: 20px;\n    line-height: 26px;\n  }\n  #page .blog-shortcode.blog-masonry-shortcode-id-452cddda1972cec9da7ed176d35cefc6 .entry-meta {\n    margin: 5px 0 5px;\n  }\n  #page .blog-shortcode.blog-masonry-shortcode-id-452cddda1972cec9da7ed176d35cefc6 .entry-excerpt {\n    margin: 15px 0 0;\n  }\n  #page .blog-shortcode.blog-masonry-shortcode-id-452cddda1972cec9da7ed176d35cefc6 .post-details {\n    margin: 5px 0 10px;\n  }\n  #page .blog-shortcode.blog-masonry-shortcode-id-452cddda1972cec9da7ed176d35cefc6 .post-details.details-type-link {\n    margin-bottom: 2px;\n  }\n}<\/style><div class=\"blog-shortcode blog-masonry-shortcode-id-452cddda1972cec9da7ed176d35cefc6 mode-masonry classic-layout-list content-bg-on jquery-filter scale-img meta-info-off dt-icon-bg-off resize-by-browser-width loading-effect-none description-under-image \" data-padding=\"15px\" data-cur-page=\"1\" data-post-limit=\"-1\" data-pagination-mode=\"none\" data-desktop-columns-num=\"4\" data-v-tablet-columns-num=\"2\" data-h-tablet-columns-num=\"3\" data-phone-columns-num=\"1\" data-width=\"0px\" data-columns=\"0\"><div class=\"iso-container\" ><div class=\"visible wf-cell iso-item\" data-post-id=\"790\" data-date=\"2022-05-06T21:38:49+02:00\" data-name=\"U18-Landtagswahl \u2013 SPD liegt bei D\u00fcsseldorfer Kindern und Jugendlichen vorne\"><article class=\"post project-odd visible post-790 type-post status-publish format-standard has-post-thumbnail hentry category-allgemein category-infos category-u18 category-1 category-8 category-23\" data-name=\"U18-Landtagswahl \u2013 SPD liegt bei D\u00fcsseldorfer Kindern und Jugendlichen vorne\" data-date=\"2022-05-06T21:38:49+02:00\">\n\n<div class=\"post-thumbnail-wrap\">\n\t<div class=\"post-thumbnail\">\n\t\t\n\t\t\n\t\t<a href=\"https:\/\/gehwaehlen-duesseldorf.de\/22\/u18-landtagswahl-spd-liegt-bei-duesseldorfer-kindern-und-jugendlichen-vorne\/\" class=\"post-thumbnail-rollover layzr-bg layzr-bg\" ><img fetchpriority=\"high\" decoding=\"async\" class=\"iso-lazy-load preload-me iso-lazy-load aspect\" src=\"data:image\/svg+xml,%3Csvg%20xmlns%3D&#39;http%3A%2F%2Fwww.w3.org%2F2000%2Fsvg&#39;%20viewBox%3D&#39;0%200%20768%20512&#39;%2F%3E\" data-src=\"https:\/\/gehwaehlen-duesseldorf.de\/22\/wp-content\/uploads\/sites\/2\/2022\/05\/U18-Wahl-im-Stadion_Pressebild-768x512.jpg\" data-srcset=\"https:\/\/gehwaehlen-duesseldorf.de\/22\/wp-content\/uploads\/sites\/2\/2022\/05\/U18-Wahl-im-Stadion_Pressebild-768x512.jpg 768w, https:\/\/gehwaehlen-duesseldorf.de\/22\/wp-content\/uploads\/sites\/2\/2022\/05\/U18-Wahl-im-Stadion_Pressebild-1107x738.jpg 1107w\" loading=\"eager\" style=\"--ratio: 768 \/ 512\" sizes=\"(max-width: 768px) 100vw, 768px\" alt=\"\" title=\"U18-Wahl im Stadion_Pressebild\" width=\"768\" height=\"512\"  \/><\/a>\t<\/div>\n<\/div>\n\n\n<div class=\"post-entry-content\">\n\n\t<h3 class=\"entry-title\">\n\t\t<a href=\"https:\/\/gehwaehlen-duesseldorf.de\/22\/u18-landtagswahl-spd-liegt-bei-duesseldorfer-kindern-und-jugendlichen-vorne\/\" title=\"U18-Landtagswahl \u2013 SPD liegt bei D\u00fcsseldorfer Kindern und Jugendlichen vorne\" rel=\"bookmark\">U18-Landtagswahl \u2013 SPD liegt bei D\u00fcsseldorfer Kindern und Jugendlichen vorne<\/a>\n\t<\/h3>\n\n\t\n\t<div class=\"entry-excerpt\"><p>[vc_row][vc_column][vc_column_text] Koordiniert durch den Jugendring D\u00fcsseldorf gaben in der Aktionswoche vom 02.-06. Mai 311 junge D\u00fcsseldorfer*innen ihre Stimme f\u00fcr die symbolische U18-Landtagswahl 2022 ab. Landesweit nahmen sogar ca. 44.000 Kinder&hellip;<\/p>\n<\/div>\n\t\n<a href=\"https:\/\/gehwaehlen-duesseldorf.de\/22\/u18-landtagswahl-spd-liegt-bei-duesseldorfer-kindern-und-jugendlichen-vorne\/\" class=\"dt-btn-s dt-btn post-details details-type-btn\" aria-label=\"Read more about U18-Landtagswahl \u2013 SPD liegt bei D\u00fcsseldorfer Kindern und Jugendlichen vorne\">weiterlesen<i class=\"dt-icon-the7-arrow-03\" aria-hidden=\"true\"><\/i><\/a>\n\n<\/div><\/article><\/div><div class=\"visible wf-cell iso-item\" data-post-id=\"599\" data-date=\"2022-04-08T15:37:16+02:00\" data-name=\"Politische Bildung: Methodensammlung\"><article class=\"post project-odd visible post-599 type-post status-publish format-standard has-post-thumbnail hentry category-allgemein category-infos category-u18 category-1 category-8 category-23\" data-name=\"Politische Bildung: Methodensammlung\" data-date=\"2022-04-08T15:37:16+02:00\">\n\n<div class=\"post-thumbnail-wrap\">\n\t<div class=\"post-thumbnail\">\n\t\t\n\t\t\n\t\t<a href=\"https:\/\/gehwaehlen-duesseldorf.de\/22\/methodensammlung\/\" class=\"post-thumbnail-rollover layzr-bg layzr-bg\" ><img decoding=\"async\" class=\"iso-lazy-load preload-me iso-lazy-load aspect\" src=\"data:image\/svg+xml,%3Csvg%20xmlns%3D&#39;http%3A%2F%2Fwww.w3.org%2F2000%2Fsvg&#39;%20viewBox%3D&#39;0%200%20768%20512&#39;%2F%3E\" data-src=\"https:\/\/gehwaehlen-duesseldorf.de\/22\/wp-content\/uploads\/sites\/2\/2022\/04\/Methodensammlung_Bild-Canva-1-1-768x512.jpg\" data-srcset=\"https:\/\/gehwaehlen-duesseldorf.de\/22\/wp-content\/uploads\/sites\/2\/2022\/04\/Methodensammlung_Bild-Canva-1-1-768x512.jpg 768w, https:\/\/gehwaehlen-duesseldorf.de\/22\/wp-content\/uploads\/sites\/2\/2022\/04\/Methodensammlung_Bild-Canva-1-1-1152x768.jpg 1152w\" loading=\"eager\" style=\"--ratio: 768 \/ 512\" sizes=\"(max-width: 768px) 100vw, 768px\" alt=\"\" title=\"Methodensammlung_Bild-Canva-1-1\" width=\"768\" height=\"512\"  \/><\/a>\t<\/div>\n<\/div>\n\n\n<div class=\"post-entry-content\">\n\n\t<h3 class=\"entry-title\">\n\t\t<a href=\"https:\/\/gehwaehlen-duesseldorf.de\/22\/methodensammlung\/\" title=\"Politische Bildung: Methodensammlung\" rel=\"bookmark\">Politische Bildung: Methodensammlung<\/a>\n\t<\/h3>\n\n\t\n\t<div class=\"entry-excerpt\"><p>[vc_row][vc_column width=&#8220;2\/3&#8243;][vc_column_text]Ihr wollt die Landtagswahlen zum Anlass nehmen, um politische Bildung zu Wahlen zu gestalten? Dann schaut in unsere Methodensammlung rein! Die Methodensammlung ist im Rahmen unserer Multiplikator*innen-Schulung &#8222;How to&hellip;<\/p>\n<\/div>\n\t\n<a href=\"https:\/\/gehwaehlen-duesseldorf.de\/22\/methodensammlung\/\" class=\"dt-btn-s dt-btn post-details details-type-btn\" aria-label=\"Read more about Politische Bildung: Methodensammlung\">weiterlesen<i class=\"dt-icon-the7-arrow-03\" aria-hidden=\"true\"><\/i><\/a>\n\n<\/div><\/article><\/div><div class=\"visible wf-cell iso-item\" data-post-id=\"512\" data-date=\"2022-04-08T14:10:04+02:00\" data-name=\"Politische Bildung: Erkl\u00e4r- und Informationsmaterialien\"><article class=\"post project-odd visible post-512 type-post status-publish format-standard has-post-thumbnail hentry category-allgemein category-infos category-u18 category-1 category-8 category-23\" data-name=\"Politische Bildung: Erkl\u00e4r- und Informationsmaterialien\" data-date=\"2022-04-08T14:10:04+02:00\">\n\n<div class=\"post-thumbnail-wrap\">\n\t<div class=\"post-thumbnail\">\n\t\t\n\t\t\n\t\t<a href=\"https:\/\/gehwaehlen-duesseldorf.de\/22\/politische-bildung\/\" class=\"post-thumbnail-rollover layzr-bg layzr-bg\" ><img decoding=\"async\" class=\"iso-lazy-load preload-me iso-lazy-load aspect\" src=\"data:image\/svg+xml,%3Csvg%20xmlns%3D&#39;http%3A%2F%2Fwww.w3.org%2F2000%2Fsvg&#39;%20viewBox%3D&#39;0%200%20768%20512&#39;%2F%3E\" data-src=\"https:\/\/gehwaehlen-duesseldorf.de\/22\/wp-content\/uploads\/sites\/2\/2022\/04\/Info-Erklaermaterial_Bild-Canva-2-1-e1649411648107-768x512.jpg\" data-srcset=\"https:\/\/gehwaehlen-duesseldorf.de\/22\/wp-content\/uploads\/sites\/2\/2022\/04\/Info-Erklaermaterial_Bild-Canva-2-1-e1649411648107-768x512.jpg 768w, https:\/\/gehwaehlen-duesseldorf.de\/22\/wp-content\/uploads\/sites\/2\/2022\/04\/Info-Erklaermaterial_Bild-Canva-2-1-e1649411648107-1152x768.jpg 1152w\" loading=\"eager\" style=\"--ratio: 768 \/ 512\" sizes=\"(max-width: 768px) 100vw, 768px\" alt=\"\" title=\"Info-Erklaermaterial_Bild-Canva-2-1-e1649411648107\" width=\"768\" height=\"512\"  \/><\/a>\t<\/div>\n<\/div>\n\n\n<div class=\"post-entry-content\">\n\n\t<h3 class=\"entry-title\">\n\t\t<a href=\"https:\/\/gehwaehlen-duesseldorf.de\/22\/politische-bildung\/\" title=\"Politische Bildung: Erkl\u00e4r- und Informationsmaterialien\" rel=\"bookmark\">Politische Bildung: Erkl\u00e4r- und Informationsmaterialien<\/a>\n\t<\/h3>\n\n\t\n\t<div class=\"entry-excerpt\"><p>[vc_row][vc_column][vc_column_text]Die Landtagswahlen sind ein guter Anlass, um mit Kindern und Jugendlichen politische Bildung zu gestalten. Ihr k\u00f6nnt \u00fcber Wahlen, politische Zust\u00e4ndigkeiten und unser politisches System sprechen. Es gibt viele multimediale&hellip;<\/p>\n<\/div>\n\t\n<a href=\"https:\/\/gehwaehlen-duesseldorf.de\/22\/politische-bildung\/\" class=\"dt-btn-s dt-btn post-details details-type-btn\" aria-label=\"Read more about Politische Bildung: Erkl\u00e4r- und Informationsmaterialien\">weiterlesen<i class=\"dt-icon-the7-arrow-03\" aria-hidden=\"true\"><\/i><\/a>\n\n<\/div><\/article><\/div><div class=\"visible wf-cell iso-item\" data-post-id=\"569\" data-date=\"2022-04-04T17:32:23+02:00\" data-name=\"Materialien f\u00fcr dein Wahllokal\"><article class=\"post project-odd visible post-569 type-post status-publish format-standard has-post-thumbnail hentry category-infos category-u18 category-8 category-23\" data-name=\"Materialien f\u00fcr dein Wahllokal\" data-date=\"2022-04-04T17:32:23+02:00\">\n\n<div class=\"post-thumbnail-wrap\">\n\t<div class=\"post-thumbnail\">\n\t\t\n\t\t\n\t\t<a href=\"https:\/\/gehwaehlen-duesseldorf.de\/22\/materialien-fuer-dein-wahllokal\/\" class=\"post-thumbnail-rollover layzr-bg layzr-bg\" ><img decoding=\"async\" class=\"iso-lazy-load preload-me iso-lazy-load aspect\" src=\"data:image\/svg+xml,%3Csvg%20xmlns%3D&#39;http%3A%2F%2Fwww.w3.org%2F2000%2Fsvg&#39;%20viewBox%3D&#39;0%200%20768%20512&#39;%2F%3E\" data-src=\"https:\/\/gehwaehlen-duesseldorf.de\/22\/wp-content\/uploads\/sites\/2\/2022\/04\/Foto-U18_Plakate-scaled-768x512.jpg\" data-srcset=\"https:\/\/gehwaehlen-duesseldorf.de\/22\/wp-content\/uploads\/sites\/2\/2022\/04\/Foto-U18_Plakate-scaled-768x512.jpg 768w, https:\/\/gehwaehlen-duesseldorf.de\/22\/wp-content\/uploads\/sites\/2\/2022\/04\/Foto-U18_Plakate-scaled-1152x768.jpg 1152w\" loading=\"eager\" style=\"--ratio: 768 \/ 512\" sizes=\"(max-width: 768px) 100vw, 768px\" alt=\"\" title=\"Foto-U18_Plakate\" width=\"768\" height=\"512\"  \/><\/a>\t<\/div>\n<\/div>\n\n\n<div class=\"post-entry-content\">\n\n\t<h3 class=\"entry-title\">\n\t\t<a href=\"https:\/\/gehwaehlen-duesseldorf.de\/22\/materialien-fuer-dein-wahllokal\/\" title=\"Materialien f\u00fcr dein Wahllokal\" rel=\"bookmark\">Materialien f\u00fcr dein Wahllokal<\/a>\n\t<\/h3>\n\n\t\n\t<div class=\"entry-excerpt\"><p>[vc_row][vc_column][vc_column_text]F\u00fcr dein U18-Wahllokal kannst du unterschiedliche Werbe- und Informationsmaterialien nutzen, die der Landesjugendring NRW bereit stellt. Als Jugendring D\u00fcsseldorf sind wir deine Koordinationsstelle f\u00fcr die U18-Wahl hier vor Ort. Jedes&hellip;<\/p>\n<\/div>\n\t\n<a href=\"https:\/\/gehwaehlen-duesseldorf.de\/22\/materialien-fuer-dein-wahllokal\/\" class=\"dt-btn-s dt-btn post-details details-type-btn\" aria-label=\"Read more about Materialien f\u00fcr dein Wahllokal\">weiterlesen<i class=\"dt-icon-the7-arrow-03\" aria-hidden=\"true\"><\/i><\/a>\n\n<\/div><\/article><\/div><div class=\"visible wf-cell iso-item\" data-post-id=\"153\" data-date=\"2022-02-16T09:32:49+01:00\" data-name=\"Dein Wahllokal\"><article class=\"post project-odd visible post-153 type-post status-publish format-standard has-post-thumbnail hentry category-u18 category-23\" data-name=\"Dein Wahllokal\" data-date=\"2022-02-16T09:32:49+01:00\">\n\n<div class=\"post-thumbnail-wrap\">\n\t<div class=\"post-thumbnail\">\n\t\t\n\t\t\n\t\t<a href=\"https:\/\/gehwaehlen-duesseldorf.de\/22\/dein-wahllokal\/\" class=\"post-thumbnail-rollover layzr-bg layzr-bg\" ><img decoding=\"async\" class=\"iso-lazy-load preload-me iso-lazy-load aspect\" src=\"data:image\/svg+xml,%3Csvg%20xmlns%3D&#39;http%3A%2F%2Fwww.w3.org%2F2000%2Fsvg&#39;%20viewBox%3D&#39;0%200%20300%20200&#39;%2F%3E\" data-src=\"https:\/\/gehwaehlen-duesseldorf.de\/22\/wp-content\/uploads\/sites\/2\/2022\/02\/Screenshot-2021-05-17-102915-country-400x200-1-300x200.png\" data-srcset=\"https:\/\/gehwaehlen-duesseldorf.de\/22\/wp-content\/uploads\/sites\/2\/2022\/02\/Screenshot-2021-05-17-102915-country-400x200-1-300x200.png 300w\" loading=\"eager\" style=\"--ratio: 300 \/ 200\" sizes=\"(max-width: 300px) 100vw, 300px\" alt=\"\" title=\"Screenshot-2021-05-17-102915-country-400&#215;200\" width=\"300\" height=\"200\"  \/><\/a>\t<\/div>\n<\/div>\n\n\n<div class=\"post-entry-content\">\n\n\t<h3 class=\"entry-title\">\n\t\t<a href=\"https:\/\/gehwaehlen-duesseldorf.de\/22\/dein-wahllokal\/\" title=\"Dein Wahllokal\" rel=\"bookmark\">Dein Wahllokal<\/a>\n\t<\/h3>\n\n\t\n\t<div class=\"entry-excerpt\"><p>Finde dein Wahllokal!\u00a0U18-Wahllokale sind oft in Schulen, Jugendeinrichtungen oder Sportst\u00e4tten. Schau nach, welches am n\u00e4chsten bei dir liegt.<\/p>\n<\/div>\n\t\n<a href=\"https:\/\/gehwaehlen-duesseldorf.de\/22\/dein-wahllokal\/\" class=\"dt-btn-s dt-btn post-details details-type-btn\" aria-label=\"Read more about Dein Wahllokal\">weiterlesen<i class=\"dt-icon-the7-arrow-03\" aria-hidden=\"true\"><\/i><\/a>\n\n<\/div><\/article><\/div><div class=\"visible wf-cell iso-item\" data-post-id=\"150\" data-date=\"2022-02-16T09:27:37+01:00\" data-name=\"Ansprechpartnerinnen\"><article class=\"post project-odd visible post-150 type-post status-publish format-standard has-post-thumbnail hentry category-u18 category-23\" data-name=\"Ansprechpartnerinnen\" data-date=\"2022-02-16T09:27:37+01:00\">\n\n<div class=\"post-thumbnail-wrap\">\n\t<div class=\"post-thumbnail\">\n\t\t\n\t\t\n\t\t<a href=\"https:\/\/gehwaehlen-duesseldorf.de\/22\/ansprechpartnerinnen\/\" class=\"post-thumbnail-rollover layzr-bg layzr-bg\" ><img decoding=\"async\" class=\"iso-lazy-load preload-me iso-lazy-load aspect\" src=\"data:image\/svg+xml,%3Csvg%20xmlns%3D&#39;http%3A%2F%2Fwww.w3.org%2F2000%2Fsvg&#39;%20viewBox%3D&#39;0%200%20768%20512&#39;%2F%3E\" data-src=\"https:\/\/gehwaehlen-duesseldorf.de\/22\/wp-content\/uploads\/sites\/2\/2022\/01\/juriLogo-2019-Invers-768x512.png\" data-srcset=\"https:\/\/gehwaehlen-duesseldorf.de\/22\/wp-content\/uploads\/sites\/2\/2022\/01\/juriLogo-2019-Invers-768x512.png 768w, https:\/\/gehwaehlen-duesseldorf.de\/22\/wp-content\/uploads\/sites\/2\/2022\/01\/juriLogo-2019-Invers-1152x768.png 1152w\" loading=\"eager\" style=\"--ratio: 768 \/ 512\" sizes=\"(max-width: 768px) 100vw, 768px\" alt=\"\" title=\"juriLogo 2019 Invers\" width=\"768\" height=\"512\"  \/><\/a>\t<\/div>\n<\/div>\n\n\n<div class=\"post-entry-content\">\n\n\t<h3 class=\"entry-title\">\n\t\t<a href=\"https:\/\/gehwaehlen-duesseldorf.de\/22\/ansprechpartnerinnen\/\" title=\"Ansprechpartnerinnen\" rel=\"bookmark\">Ansprechpartnerinnen<\/a>\n\t<\/h3>\n\n\t\n\t<div class=\"entry-excerpt\"><p>Ihr habt Fragen zur U18-Wahl?\u00a0Dann meldet euch gerne bei Verena oder Katharina!<\/p>\n<\/div>\n\t\n<a href=\"https:\/\/gehwaehlen-duesseldorf.de\/22\/ansprechpartnerinnen\/\" class=\"dt-btn-s dt-btn post-details details-type-btn\" aria-label=\"Read more about Ansprechpartnerinnen\">weiterlesen<i class=\"dt-icon-the7-arrow-03\" aria-hidden=\"true\"><\/i><\/a>\n\n<\/div><\/article><\/div><div class=\"visible wf-cell iso-item\" data-post-id=\"135\" data-date=\"2022-02-16T08:26:04+01:00\" data-name=\"Jugendliche sind uninformiert!\"><article class=\"post project-odd visible post-135 type-post status-publish format-standard has-post-thumbnail hentry category-infos category-u18 category-8 category-23\" data-name=\"Jugendliche sind uninformiert!\" data-date=\"2022-02-16T08:26:04+01:00\">\n\n<div class=\"post-thumbnail-wrap\">\n\t<div class=\"post-thumbnail\">\n\t\t\n\t\t\n\t\t<a href=\"https:\/\/gehwaehlen-duesseldorf.de\/22\/jugendliche-sind-uninformiert\/\" class=\"post-thumbnail-rollover layzr-bg layzr-bg\" ><img decoding=\"async\" class=\"iso-lazy-load preload-me iso-lazy-load aspect\" src=\"data:image\/svg+xml,%3Csvg%20xmlns%3D&#39;http%3A%2F%2Fwww.w3.org%2F2000%2Fsvg&#39;%20viewBox%3D&#39;0%200%20300%20200&#39;%2F%3E\" data-src=\"https:\/\/gehwaehlen-duesseldorf.de\/22\/wp-content\/uploads\/sites\/2\/2022\/02\/dmitry-vechorko-uQP6mJ5x9Oo-unsplash-scaled-400x200-1-300x200.jpg\" data-srcset=\"https:\/\/gehwaehlen-duesseldorf.de\/22\/wp-content\/uploads\/sites\/2\/2022\/02\/dmitry-vechorko-uQP6mJ5x9Oo-unsplash-scaled-400x200-1-300x200.jpg 300w\" loading=\"eager\" style=\"--ratio: 300 \/ 200\" sizes=\"(max-width: 300px) 100vw, 300px\" alt=\"\" title=\"dmitry-vechorko-uQP6mJ5x9Oo-unsplash-scaled-400&#215;200\" width=\"300\" height=\"200\"  \/><\/a>\t<\/div>\n<\/div>\n\n\n<div class=\"post-entry-content\">\n\n\t<h3 class=\"entry-title\">\n\t\t<a href=\"https:\/\/gehwaehlen-duesseldorf.de\/22\/jugendliche-sind-uninformiert\/\" title=\"Jugendliche sind uninformiert!\" rel=\"bookmark\">Jugendliche sind uninformiert!<\/a>\n\t<\/h3>\n\n\t\n\t<div class=\"entry-excerpt\"><p>Wirklich? 10 steile Thesen und 10 Gr\u00fcnde f\u00fcr die U18-Wahl. &nbsp; Nat\u00fcrlich d\u00fcrfen Jugendliche nicht w\u00e4hlen! Joah. Eigentlich ist es eher v\u00f6llig unverst\u00e4ndlich, warum Kinder und Jugendliche nicht w\u00e4hlen d\u00fcrfen.&hellip;<\/p>\n<\/div>\n\t\n<a href=\"https:\/\/gehwaehlen-duesseldorf.de\/22\/jugendliche-sind-uninformiert\/\" class=\"dt-btn-s dt-btn post-details details-type-btn\" aria-label=\"Read more about Jugendliche sind uninformiert!\">weiterlesen<i class=\"dt-icon-the7-arrow-03\" aria-hidden=\"true\"><\/i><\/a>\n\n<\/div><\/article><\/div><\/div><!-- iso-container|iso-grid --><\/div>[\/vc_column][\/vc_row]<\/p>\n<\/div>","protected":false},"excerpt":{"rendered":"<p>[vc_row][vc_column][vc_column_text] Hey! Du bist unter 18? Vom 02. bis 06. Mai geht\u2019s f\u00fcr dich an die Wahlurnen. Hier bist du genau richtig um dich zur U18-Wahl in D\u00fcsseldorf zu informieren&hellip;<\/p>\n","protected":false},"author":1,"featured_media":0,"parent":0,"menu_order":0,"comment_status":"closed","ping_status":"closed","template":"","meta":{"footnotes":""},"class_list":["post-121","page","type-page","status-publish","hentry","description-off"],"yoast_head":"<!-- This site is optimized with the Yoast SEO plugin v26.6 - https:\/\/yoast.com\/wordpress\/plugins\/seo\/ -->\n<title>U18 - gehw\u00e4hlen22 - Dein Wahlportal zu den NRW-Wahlen<\/title>\n<meta name=\"robots\" content=\"index, follow, max-snippet:-1, max-image-preview:large, max-video-preview:-1\" \/>\n<link rel=\"canonical\" href=\"https:\/\/gehwaehlen-duesseldorf.de\/22\/u18\/\" \/>\n<meta property=\"og:locale\" content=\"de_DE\" \/>\n<meta property=\"og:type\" content=\"article\" \/>\n<meta property=\"og:title\" content=\"U18 - gehw\u00e4hlen22 - Dein Wahlportal zu den NRW-Wahlen\" \/>\n<meta property=\"og:description\" content=\"[vc_row][vc_column][vc_column_text] Hey! Du bist unter 18? Vom 02. bis 06. Mai geht\u2019s f\u00fcr dich an die Wahlurnen. Hier bist du genau richtig um dich zur U18-Wahl in D\u00fcsseldorf zu informieren&hellip;\" \/>\n<meta property=\"og:url\" content=\"https:\/\/gehwaehlen-duesseldorf.de\/22\/u18\/\" \/>\n<meta property=\"og:site_name\" content=\"gehw\u00e4hlen22 - Dein Wahlportal zu den NRW-Wahlen\" \/>\n<meta property=\"article:modified_time\" content=\"2022-05-02T17:03:18+00:00\" \/>\n<meta name=\"twitter:card\" content=\"summary_large_image\" \/>\n<meta name=\"twitter:label1\" content=\"Gesch\u00e4tzte Lesezeit\" \/>\n\t<meta name=\"twitter:data1\" content=\"5\u00a0Minuten\" \/>\n<script type=\"application\/ld+json\" class=\"yoast-schema-graph\">{\"@context\":\"https:\/\/schema.org\",\"@graph\":[{\"@type\":\"WebPage\",\"@id\":\"https:\/\/gehwaehlen-duesseldorf.de\/22\/u18\/\",\"url\":\"https:\/\/gehwaehlen-duesseldorf.de\/22\/u18\/\",\"name\":\"U18 - gehw\u00e4hlen22 - Dein Wahlportal zu den NRW-Wahlen\",\"isPartOf\":{\"@id\":\"https:\/\/gehwaehlen-duesseldorf.de\/22\/#website\"},\"datePublished\":\"2022-02-15T09:45:39+00:00\",\"dateModified\":\"2022-05-02T17:03:18+00:00\",\"breadcrumb\":{\"@id\":\"https:\/\/gehwaehlen-duesseldorf.de\/22\/u18\/#breadcrumb\"},\"inLanguage\":\"de\",\"potentialAction\":[{\"@type\":\"ReadAction\",\"target\":[\"https:\/\/gehwaehlen-duesseldorf.de\/22\/u18\/\"]}]},{\"@type\":\"BreadcrumbList\",\"@id\":\"https:\/\/gehwaehlen-duesseldorf.de\/22\/u18\/#breadcrumb\",\"itemListElement\":[{\"@type\":\"ListItem\",\"position\":1,\"name\":\"Startseite\",\"item\":\"https:\/\/gehwaehlen-duesseldorf.de\/22\/\"},{\"@type\":\"ListItem\",\"position\":2,\"name\":\"U18\"}]},{\"@type\":\"WebSite\",\"@id\":\"https:\/\/gehwaehlen-duesseldorf.de\/22\/#website\",\"url\":\"https:\/\/gehwaehlen-duesseldorf.de\/22\/\",\"name\":\"gehw\u00e4hlen22 - Dein Wahlportal zu den NRW-Wahlen\",\"description\":\"Eine weitere gehw\u00e4hlen, D\u00fcsseldorf! Website\",\"potentialAction\":[{\"@type\":\"SearchAction\",\"target\":{\"@type\":\"EntryPoint\",\"urlTemplate\":\"https:\/\/gehwaehlen-duesseldorf.de\/22\/?s={search_term_string}\"},\"query-input\":{\"@type\":\"PropertyValueSpecification\",\"valueRequired\":true,\"valueName\":\"search_term_string\"}}],\"inLanguage\":\"de\"}]}<\/script>\n<!-- \/ Yoast SEO plugin. -->","yoast_head_json":{"title":"U18 - gehw\u00e4hlen22 - Dein Wahlportal zu den NRW-Wahlen","robots":{"index":"index","follow":"follow","max-snippet":"max-snippet:-1","max-image-preview":"max-image-preview:large","max-video-preview":"max-video-preview:-1"},"canonical":"https:\/\/gehwaehlen-duesseldorf.de\/22\/u18\/","og_locale":"de_DE","og_type":"article","og_title":"U18 - gehw\u00e4hlen22 - Dein Wahlportal zu den NRW-Wahlen","og_description":"[vc_row][vc_column][vc_column_text] Hey! Du bist unter 18? Vom 02. bis 06. Mai geht\u2019s f\u00fcr dich an die Wahlurnen. Hier bist du genau richtig um dich zur U18-Wahl in D\u00fcsseldorf zu informieren&hellip;","og_url":"https:\/\/gehwaehlen-duesseldorf.de\/22\/u18\/","og_site_name":"gehw\u00e4hlen22 - Dein Wahlportal zu den NRW-Wahlen","article_modified_time":"2022-05-02T17:03:18+00:00","twitter_card":"summary_large_image","twitter_misc":{"Gesch\u00e4tzte Lesezeit":"5\u00a0Minuten"},"schema":{"@context":"https:\/\/schema.org","@graph":[{"@type":"WebPage","@id":"https:\/\/gehwaehlen-duesseldorf.de\/22\/u18\/","url":"https:\/\/gehwaehlen-duesseldorf.de\/22\/u18\/","name":"U18 - gehw\u00e4hlen22 - Dein Wahlportal zu den NRW-Wahlen","isPartOf":{"@id":"https:\/\/gehwaehlen-duesseldorf.de\/22\/#website"},"datePublished":"2022-02-15T09:45:39+00:00","dateModified":"2022-05-02T17:03:18+00:00","breadcrumb":{"@id":"https:\/\/gehwaehlen-duesseldorf.de\/22\/u18\/#breadcrumb"},"inLanguage":"de","potentialAction":[{"@type":"ReadAction","target":["https:\/\/gehwaehlen-duesseldorf.de\/22\/u18\/"]}]},{"@type":"BreadcrumbList","@id":"https:\/\/gehwaehlen-duesseldorf.de\/22\/u18\/#breadcrumb","itemListElement":[{"@type":"ListItem","position":1,"name":"Startseite","item":"https:\/\/gehwaehlen-duesseldorf.de\/22\/"},{"@type":"ListItem","position":2,"name":"U18"}]},{"@type":"WebSite","@id":"https:\/\/gehwaehlen-duesseldorf.de\/22\/#website","url":"https:\/\/gehwaehlen-duesseldorf.de\/22\/","name":"gehw\u00e4hlen22 - Dein Wahlportal zu den NRW-Wahlen","description":"Eine weitere gehw\u00e4hlen, D\u00fcsseldorf! Website","potentialAction":[{"@type":"SearchAction","target":{"@type":"EntryPoint","urlTemplate":"https:\/\/gehwaehlen-duesseldorf.de\/22\/?s={search_term_string}"},"query-input":{"@type":"PropertyValueSpecification","valueRequired":true,"valueName":"search_term_string"}}],"inLanguage":"de"}]}},"_links":{"self":[{"href":"https:\/\/gehwaehlen-duesseldorf.de\/22\/wp-json\/wp\/v2\/pages\/121","targetHints":{"allow":["GET"]}}],"collection":[{"href":"https:\/\/gehwaehlen-duesseldorf.de\/22\/wp-json\/wp\/v2\/pages"}],"about":[{"href":"https:\/\/gehwaehlen-duesseldorf.de\/22\/wp-json\/wp\/v2\/types\/page"}],"author":[{"embeddable":true,"href":"https:\/\/gehwaehlen-duesseldorf.de\/22\/wp-json\/wp\/v2\/users\/1"}],"replies":[{"embeddable":true,"href":"https:\/\/gehwaehlen-duesseldorf.de\/22\/wp-json\/wp\/v2\/comments?post=121"}],"version-history":[{"count":15,"href":"https:\/\/gehwaehlen-duesseldorf.de\/22\/wp-json\/wp\/v2\/pages\/121\/revisions"}],"predecessor-version":[{"id":784,"href":"https:\/\/gehwaehlen-duesseldorf.de\/22\/wp-json\/wp\/v2\/pages\/121\/revisions\/784"}],"wp:attachment":[{"href":"https:\/\/gehwaehlen-duesseldorf.de\/22\/wp-json\/wp\/v2\/media?parent=121"}],"curies":[{"name":"wp","href":"https:\/\/api.w.org\/{rel}","templated":true}]}}